{"version":"1.0","provider_name":"B\u00e9biguru Blog","provider_url":"https:\/\/bebiguru.cafeblog.hu","author_name":"dorothylevele@gmail.com","author_url":"https:\/\/bebiguru.cafeblog.hu\/author\/dorothylevelegmail-com\/","title":"Minden gyan\u00fas, ami nem k\u00ednai?","html":"<p style=\"text-align: justify;\">Manaps\u00e1g szkeptikusak vagyunk, ha valamire nem a Made in China felirat van \u00edrva. Megfordult a fej\u00fcnkben, amikor m\u00e1s nemzetet t\u00fcntetnek fel gy\u00e1rt\u00f3k\u00e9nt, lehet, hogy nem is ott csin\u00e1lj\u00e1k, hanem \u00e1tc\u00edmk\u00e9zik a term\u00e9keket. Ha m\u00e9gis Eur\u00f3p\u00e1ban k\u00e9sz\u00fcl, akkor pedig biztos marha dr\u00e1ga. Babaholmik eset\u00e9ben k\u00fcl\u00f6n\u00f6sebb sok k\u00ednai term\u00e9kkel tal\u00e1lkozunk a boltban, szinte nem is tud feln\u0151ni \u00fagy egy gyerek, hogy elker\u00fclje a Made in China feliratot a j\u00e1t\u00e9kain stb.<\/p>\r\n<p style=\"text-align: justify;\">Hogy ez j\u00f3 vagy rossz? Ink\u00e1bb ne menj\u00fcnk ebbe bele, mert n\u00e1lam okosabb emberek sem tudnak megnyugtat\u00f3 v\u00e1laszt adni erre a k\u00e9rd\u00e9sre.<\/p>\r\n<p style=\"text-align: justify;\"><strong>De vegy\u00fck g\u00f3rcs\u0151 al\u00e1, m\u00e9gis milyen babaterm\u00e9kek azok, amiket nem K\u00edn\u00e1ban gy\u00e1rtanak. Magyarorsz\u00e1gon m\u00e9g gy\u00e1rt\u00f3dik n\u00e9h\u00e1nyf\u00e9le babaruha, v\u00e9lem\u00e9nyem szerint kiemelked\u0151 min\u0151s\u00e9gben, \u00e9s az ut\u00f3bbi id\u0151ben m\u00e1r a designnal sem vagyunk lemaradva az eur\u00f3pai trendekt\u0151l. Vil\u00e1gsz\u00ednvonalon gy\u00e1rtanak Magyarorsz\u00e1gon l\u00e9gz\u00e9sfigyel\u0151ket, \u00e9s b\u00fcszk\u00e9k lehet\u00fcnk arra, hogy az orrsz\u00edv\u00f3s porsz\u00edv\u00f3 magyar tal\u00e1lm\u00e1ny. \u00c1gynem\u0171t is varrnak itthon, de annak alapanyaga \u00e1ltal\u00e1ban t\u00e1vol-keleti. Lengyel bar\u00e1taink babakocsigy\u00e1rt\u00e1ssal sz\u00e9p\u00edtik az eur\u00f3pai babagy\u00e1rt\u00e1si statisztik\u00e1t. Az aut\u00f3biztons\u00e1gi \u00fcl\u00e9sekb\u0151l a cs\u00facskateg\u00f3ri\u00e1t m\u00e9g Eur\u00f3p\u00e1ban gy\u00e1rtj\u00e1k, de ott is fellelhet\u0151 egy-egy k\u00ednai darab.<\/strong><\/p>\r\n<p style=\"text-align: justify;\">\u00c9ppen ez\u00e9rt nagyon \u00f6r\u00fcltem a megh\u00edv\u00e1snak, amikor az olaszorsz\u00e1gi CAM c\u00e9g megh\u00edvott a gy\u00e1rukba gy\u00e1rl\u00e1togat\u00e1sra, \u00e9s a leg\u00fajabb kollekci\u00f3juk bemutat\u00f3j\u00e1ra. Gondoltam, most kider\u00fclt, mennyire made in Italy a Made in Italy a CAM \u00e9s NN babakocsik eset\u00e9ben. Ugyan \u0151k mindig \u00e1ll\u00edtott\u00e1k, hogy Olaszorsz\u00e1gban k\u00e9sz\u00fclnek a term\u00e9kek, de n\u00e9h\u00e1ny babakocsijuk nagyon hasonl\u00f3 \u00e1rban van, mint a k\u00ednai konkurensek, ez\u00e9rt nyilv\u00e1n nek\u00fcnk is gyan\u00fas volt, hogy csin\u00e1lj\u00e1k.<\/p>\r\n<p style=\"text-align: justify;\">Amikor meg\u00e9rkezt\u00fcnk a gy\u00e1rhoz, azonnal \u00e1t\u00e9rezhett\u00fck az olaszos \u00e9let\u00e9rz\u00e9st, a gy\u00e1r tulajdonosa \u00e9s annak l\u00e1nya fogadott minket \u00e9s egy gy\u00f6ny\u00f6r\u0171, t\u00f3parti vend\u00e9gl\u0151be ismerkedhett\u00fcnk meg az olasz gasztron\u00f3mia csod\u00e1ival. M\u00e1snap reggel szint\u00e9n \u0151k fogadtak minket \u00e9s megn\u00e9zhett\u00fck a gy\u00e1rat, ami minden elk\u00e9pzel\u00e9s\u00fcnkn\u00e9l nagyobb m\u00e9ret\u0171, \u00e9s n\u00e9met \u00fczemeket fel\u00fclm\u00fal\u00f3an j\u00f3l szervezett volt. F\u00e9nyk\u00e9pez\u0151g\u00e9pemmel siker\u00fclt egy-k\u00e9t munkafolyamatot elcs\u00edpni, ugyan nem t\u00fal j\u00f3 min\u0151s\u00e9gben, de megosztom veletek, hogy mit is l\u00e1ttam.<\/p>\r\n<iframe src=\"http:\/\/www.youtube.com\/embed\/G9l64NYUbEg?rel=0\" frameborder=\"0\" width=\"640\" height=\"360\"><\/iframe>\r\n<p style=\"text-align: justify;\">R\u00e1 is k\u00e9rdeztem, hogy mikor ker\u00fclhet Made in Italy felirat a babakocsikra. Nagyon meglep\u0151dtem a v\u00e1laszon, mert m\u00e9g a sz\u00f6vetnek is Olaszorsz\u00e1gban kell k\u00e9sz\u00fclnie ahhoz, hogy r\u00e1\u00edrj\u00e1k a term\u00e9kre, hogy Made in Italy, mert azt term\u00e9szetesen l\u00e1ttuk, hogy a f\u00e9met a helysz\u00ednen hajl\u00edtj\u00e1k, a m\u0171anyag\u00fczem ontja mag\u00e1b\u00f3l a kisebb-nagyobb alkatr\u00e9szeket, de sz\u00f6vetet nem l\u00e1ttunk a gy\u00e1r ter\u00fclet\u00e9n. A speci\u00e1lis babakocsihoz k\u00e9sz\u00fclt kelm\u00e9ket Olaszorsz\u00e1g k\u00fcl\u00f6nb\u00f6z\u0151 r\u00e9szeir\u0151l szerzik be. Annyira elk\u00f6telezettek a Made in Italy szlogen hiteless\u00e9ge ir\u00e1nt, hogy ott j\u00e1rtunkkor hozt\u00e1k a m\u0171anyag granul\u00e1tumokat a fr\u00f6ccs\u00f6nt\u0151 \u00fczembe \u00e9s m\u00e9g ezeknek a zs\u00e1kj\u00e1n is Made in Italy feliratot l\u00e1ttunk. \u0150k meggy\u0151ztek r\u00f3la, hogy lehet versenyk\u00e9pes, kiv\u00e1l\u00f3 min\u0151s\u00e9g\u0171 term\u00e9keket versenyk\u00e9pes \u00e1ron eur\u00f3pai gy\u00e1rt\u00e1sban is is babakocsikat k\u00e9sz\u00edteni. Rem\u00e9lj\u00fck, hogy egyre t\u00f6bb j\u00f3 p\u00e9ld\u00e1t tudunk majd itt bemutatni.<\/p>","type":"rich"}