{"version":"1.0","provider_name":"B\u00e9biguru Blog","provider_url":"https:\/\/bebiguru.cafeblog.hu","author_name":"dorothylevele@gmail.com","author_url":"https:\/\/bebiguru.cafeblog.hu\/author\/dorothylevelegmail-com\/","title":"Babavil\u00e1g 100 \u00e9vvel ezel\u0151tt","html":"<p style=\"text-align: justify\">Nem is igaz\u00e1n tudom, hogyan jutott ez a t\u00e9ma eszembe, de \u00fagy gondoltam, hogy \u00e9ppen ideje, hogy ut\u00e1nan\u00e9zz\u00fcnk, hogy mi volt 100 \u00e9vvel a vil\u00e1gban. Alig 100 \u00e9v, vannak olyan emberek, akik ennyi ideig \u00e9lnek a vil\u00e1gon, m\u00e9gis mennyire megv\u00e1ltozott az\u00f3ta az \u00e9let. M\u00e1r csak \u00e1mulva n\u00e9z\u00fcnk azokra a term\u00e9kekre \u00e9s szok\u00e1sokra, amik akkor divatban voltak.<\/p>\r\n\r\n\r\n[caption id=\"attachment_127\" align=\"alignright\" width=\"288\"]<a href=\"https:\/\/bebiguru.cafeblog.hu\/files\/2013\/01\/baba_1913.jpg\"><img class=\"size-full wp-image-127  \" style=\"margin: 5px\" src=\"https:\/\/bebiguru.cafeblog.hu\/files\/2013\/01\/antique_baby_carriage_march07.jpg\" alt=\"\" width=\"288\" height=\"314\" \/><\/a> K\u00e9p forr\u00e1sa <a href=\"http:\/\/www.antiquesroadshowinsider.com\/selling_antique_furniture_auctioneer.html\" target=\"_blank\">ide kattintva!<\/a>[\/caption]\r\n<p style=\"text-align: justify\"><span style=\"color: #ff00ff\"><strong>Utaz\u00e1s babakocsin<\/strong><\/span><\/p>\r\n<p style=\"text-align: justify\">Az els\u0151 dolog, ami szembe\u00f6tl\u0151 a mostani \u00e9s a r\u00e9gi babakocsik k\u00f6z\u00f6tti k\u00fcl\u00f6nbs\u00e9g. El tudj\u00e1tok k\u00e9pzelni, hogy ilyen babakocsiban tolj\u00e1tok a gyerekeiteket? Komolyan nem is \u00e9rtem, hogyan haszn\u00e1lhatt\u00e1k ki ennek a tol\u00e1si funkci\u00f3j\u00e1t. Ilyenkor mindig nagyon boldog, hogy nem akkor kellett gyermeket v\u00e1llalni, hanem lehet\u0151s\u00e9g\u00fcnk van kihaszn\u00e1lni a modern technika v\u00edvm\u00e1nyait. Mert az\u00e9rt valljuk be, ez a babakocsi nem t\u0171nik t\u00fal k\u00e9nyelmesnek, b\u00e1r m\u00e1r az is csoda, hogy valaki kital\u00e1lta, hogy lehet\u0151s\u00e9get k\u00e9ne adni a gyerekek tol\u00e1s\u00e1ra.<\/p>\r\n<p style=\"text-align: justify\"><strong><span style=\"color: #ff00ff\">Legn\u00e9pszer\u0171bb nevek 1913-ban Amerik\u00e1ban<\/span><\/strong><\/p>\r\n<p style=\"text-align: justify\">F\u00e9rfi<\/p>\r\n<p style=\"text-align: justify\">1. John, 2. William, 3. James, 4. Robert, 5. Joseph<\/p>\r\n<p style=\"text-align: justify\">N\u0151i:<\/p>\r\n<p style=\"text-align: justify\">1. Mary, 2. Helen, 3. Dorothy, 4. Margaret, 5. Ruth<\/p>\r\n<p style=\"text-align: justify\">Sajnos magyar nevekr\u0151l nem tal\u00e1ltam semmilyen forr\u00e1st, de az Amerikai mint\u00e1b\u00f3l kiindulva, a leggyakoribb nevek\u00a0 m\u00e9g mai napig is hazsn\u00e1latban vannak, sz\u00f3val nem olyanok vezett\u00e9k a sl\u00e1gerlist\u00e1t 100 \u00e9vvel ezel\u0151tt, amit m\u00e1r nem haszn\u00e1lunk manaps\u00e1g.<\/p>\r\n<p style=\"text-align: justify\"><strong><span style=\"color: #ff00ff\">Milyen h\u00edres emberek sz\u00fclettek ebben az \u00e9vben?<\/span><\/strong><\/p>\r\n<p style=\"text-align: justify\">Richard Nixon, Irwin Shaw, Gobbi Hilda, We\u00f6res S\u00e1ndor, Albert Camus, Jean Marais<\/p>\r\n<p style=\"text-align: justify\">B\u00e1r nincs k\u00f6ze a babavil\u00e1ghoz, de az\u00e9rt \u00e9rdekes t\u00e9ny, hogy <strong><span style=\"color: #ff00ff\">ebben az \u00e9vben sz\u00fcletett meg a dzsessz.<\/span><\/strong> Nem tudom, hogy egy zenei m\u0171faj megsz\u00fclet\u00e9s\u00e9t honnan dat\u00e1lj\u00e1k, de az\u00e9rt \u00e9rdekes lehet pontosan tudni, hogy ebben az \u00e9vben t\u00f6rt\u00e9nt meg ez a fontos esem\u00e9ny. :)<\/p>\r\n<p style=\"text-align: justify\">\u00c9s m\u00e9g egy \u00e9rdekess\u00e9g: megsz\u00fcletett az <strong><span style=\"color: #ff00ff\">els\u0151 Charlie Chaplin film<\/span><\/strong>. \u00c9s ami m\u00e9g fura p\u00e1rhuzam, hogy elk\u00e9sz\u00fcl az <strong><span style=\"color: #ff00ff\">els\u0151 film a Nyomorultakb\u00f3l<\/span><\/strong>, aminek pont 100 \u00e9vvel k\u00e9s\u0151bb, 2012. v\u00e9g\u00e9n vet\u00edtik a remake-j\u00e9t. Rem\u00e9lj\u00fck, hogy az \u00faj verzi\u00f3 is annyira j\u00f3 lesz, mint a 100 \u00e9vvel ezel\u0151tti.<\/p>\r\n<p style=\"text-align: justify\">Rem\u00e9lem, hogy \u00e9lvezt\u00e9tek ezeket a t\u00e9nyeket 1913-b\u00f3l!<\/p>\r\n<p style=\"text-align: justify\"><\/p>\r\n<p style=\"text-align: justify\"><\/p>","type":"rich"}